{"id":10510,"date":"2025-12-18T08:31:12","date_gmt":"2025-12-18T08:31:12","guid":{"rendered":"https:\/\/groupehyperion.com\/?post_type=page-ville&#038;p=10510"},"modified":"2025-12-18T08:31:23","modified_gmt":"2025-12-18T08:31:23","slug":"detective-prive-en-essonne-91-groupe-hyperion","status":"publish","type":"page-ville","link":"https:\/\/groupehyperion.com\/es\/france\/detective-prive-essonne\/","title":{"rendered":"D\u00e9tective priv\u00e9 en Essonne (91) \u2013 Groupe Hyperion"},"content":{"rendered":"<section class=\"l-section wpb_row us_custom_8316095d height_custom\"><div class=\"l-section-h i-cf\"><div class=\"g-cols vc_row via_grid cols_1 laptops-cols_inherit tablets-cols_inherit mobiles-cols_1 valign_top type_default stacking_default\"><div class=\"wpb_column vc_column_container\"><div class=\"vc_column-inner\"><div class=\"wpb_text_column us_custom_432d3f53\"><div class=\"wpb_wrapper\"><p><strong>Situ\u00e9e au sud de Paris, l\u2019Essonne regroupe p\u00f4les technologiques, zones r\u00e9sidentielles et activit\u00e9s agricoles. Le Groupe Hyperion met \u00e0 disposition des particuliers et des entreprises ses d\u00e9tectives priv\u00e9s agr\u00e9\u00e9s CNAPS. Chaque mission vise \u00e0 collecter des preuves recevables devant les juridictions civiles, prud\u2019homales ou p\u00e9nales, dans le respect du droit et de la vie priv\u00e9e.<\/strong><\/p>\n<h2><span>Nuestro trabajo para particulares<\/span><\/h2>\n<p><span>Asistimos a particulares en casos delicados como adulterio y divorcio, custodia y manutenci\u00f3n de menores, abuso de debilidad, b\u00fasqueda de personas desaparecidas y averiguaciones patrimoniales. Nuestros m\u00e9todos combinan el seguimiento, la vigilancia y las b\u00fasquedas administrativas para obtener pruebas s\u00f3lidas.<\/span><\/p>\n<h2><span>Nuestras misiones para las empresas<\/span><\/h2>\n<p><span>Ayudamos a los directivos y a los departamentos de RRHH a defender sus intereses: controles de bajas por enfermedad indebidas, fraudes y robos internos, investigaciones sobre competencia desleal, controles de empleados e investigaciones de tribunales laborales. Todo nuestro trabajo cumple la ley y el c\u00f3digo deontol\u00f3gico de los investigadores privados.<\/span><\/p>\n<h2><span>\u00c1reas de intervenci\u00f3n<\/span><\/h2>\n<p><span>Nous intervenons dans tout le d\u00e9partement de Essonne, notamment \u00e0 \u00c9vry-Courcouronnes, Massy, Corbeil-Essonnes, Savigny-sur-Orge, Sainte-Genevi\u00e8ve-des-Bois, Palaiseau, Viry-Ch\u00e2tillon, Athis-Mons, ainsi que dans les autres communes. Notre r\u00e9seau r\u00e9gional garantit une r\u00e9activit\u00e9 optimale et un accompagnement de proximit\u00e9.<\/span><\/p>\n<h2><span>M\u00e9todo y cumplimiento<\/span><\/h2>\n<p><span>Cada encargo se prepara mediante un an\u00e1lisis jur\u00eddico y estrat\u00e9gico. Adoptamos medios proporcionados y rastreables, garantizando la admisibilidad de los informes. Nuestros informes detallan nuestras observaciones, respaldadas por pruebas f\u00edsicas cuando es posible.<\/span><\/p>\n<\/div><\/div><\/div><\/div><\/div><\/div><\/section><section class=\"l-section wpb_row us_custom_b82eef6d height_custom\"><div class=\"l-section-h i-cf\"><div class=\"g-cols vc_row via_grid cols_1 laptops-cols_inherit tablets-cols_inherit mobiles-cols_1 valign_top type_default stacking_default\"><div class=\"wpb_column vc_column_container\"><div class=\"vc_column-inner\"><div class=\"w-separator size_huge\"><\/div><h2 class=\"w-text us_custom_e3a16161 has_text_color\"><span class=\"w-text-h\"><span class=\"w-text-value\">Preguntas que hacemos a un detective privado<\/span><\/span><\/h2><div class=\"w-separator size_medium\"><\/div><div class=\"w-tabs style_default switch_click accordion has_scrolling\" style=\"--sections-title-size:25px\"><div class=\"w-tabs-sections titles-align_none icon_chevron cpos_right\"><div class=\"w-tabs-section active\" id=\"de83\" itemscope itemprop=\"mainEntity\" itemtype=\"https:\/\/schema.org\/Question\"><button class=\"w-tabs-section-header active\" aria-controls=\"content-de83\" aria-expanded=\"true\"><h3 class=\"w-tabs-section-title\" itemprop=\"name\">Un d\u00e9tective priv\u00e9 est-il l\u00e9gal en Essonne ?<\/h3><div class=\"w-tabs-section-control\"><\/div><\/button><div  class=\"w-tabs-section-content us_custom_9de87d4e\" id=\"content-de83\" itemscope itemprop=\"acceptedAnswer\" itemtype=\"https:\/\/schema.org\/Answer\"><div class=\"w-tabs-section-content-h i-cf\" itemprop=\"text\"><div class=\"wpb_text_column\"><div class=\"wpb_wrapper\"><p><span>S\u00ed, esta actividad se rige por el C\u00f3digo de Seguridad Interior franc\u00e9s. Los investigadores deben estar autorizados por la CNAPS.<\/span><\/p>\n<\/div><\/div><\/div><\/div><\/div><div class=\"w-tabs-section\" id=\"mf69\" itemscope itemprop=\"mainEntity\" itemtype=\"https:\/\/schema.org\/Question\"><button class=\"w-tabs-section-header\" aria-controls=\"content-mf69\" aria-expanded=\"false\"><h3 class=\"w-tabs-section-title\" itemprop=\"name\">\u00bfPueden utilizarse ante los tribunales las pruebas obtenidas?<\/h3><div class=\"w-tabs-section-control\"><\/div><\/button><div  class=\"w-tabs-section-content us_custom_9de87d4e\" id=\"content-mf69\" itemscope itemprop=\"acceptedAnswer\" itemtype=\"https:\/\/schema.org\/Answer\"><div class=\"w-tabs-section-content-h i-cf\" itemprop=\"text\"><div class=\"wpb_text_column\"><div class=\"wpb_wrapper\"><p><span>S\u00ed, siempre que se hayan obtenido legalmente. Son admisibles en los tribunales civiles, laborales y penales.<\/span><\/p>\n<\/div><\/div><\/div><\/div><\/div><div class=\"w-tabs-section\" id=\"w04a\" itemscope itemprop=\"mainEntity\" itemtype=\"https:\/\/schema.org\/Question\"><button class=\"w-tabs-section-header\" aria-controls=\"content-w04a\" aria-expanded=\"false\"><h3 class=\"w-tabs-section-title\" itemprop=\"name\">\u00bfCu\u00e1nto cuesta una encuesta en el departamento?<\/h3><div class=\"w-tabs-section-control\"><\/div><\/button><div  class=\"w-tabs-section-content us_custom_9de87d4e\" id=\"content-w04a\" itemscope itemprop=\"acceptedAnswer\" itemtype=\"https:\/\/schema.org\/Answer\"><div class=\"w-tabs-section-content-h i-cf\" itemprop=\"text\"><div class=\"wpb_text_column\"><div class=\"wpb_wrapper\"><p><span>El coste var\u00eda en funci\u00f3n de la naturaleza del caso y de los recursos implicados. Se facilita un presupuesto personalizado antes de cualquier intervenci\u00f3n.<\/span><\/p>\n<\/div><\/div><\/div><\/div><\/div><div class=\"w-tabs-section\" id=\"n129\" itemscope itemprop=\"mainEntity\" itemtype=\"https:\/\/schema.org\/Question\"><button class=\"w-tabs-section-header\" aria-controls=\"content-n129\" aria-expanded=\"false\"><h3 class=\"w-tabs-section-title\" itemprop=\"name\">\u00bfPuede intervenir urgentemente?<\/h3><div class=\"w-tabs-section-control\"><\/div><\/button><div  class=\"w-tabs-section-content us_custom_9de87d4e\" id=\"content-n129\" itemscope itemprop=\"acceptedAnswer\" itemtype=\"https:\/\/schema.org\/Answer\"><div class=\"w-tabs-section-content-h i-cf\" itemprop=\"text\"><div class=\"wpb_text_column\"><div class=\"wpb_wrapper\"><p><span>S\u00ed, tenemos una organizaci\u00f3n flexible que nos permite actuar con rapidez, incluso en casos de emergencia.<\/span><\/p>\n<\/div><\/div><\/div><\/div><\/div><\/div><\/div><\/div><\/div><\/div><\/div><\/section><section class=\"l-section wpb_row us_custom_35d02291 height_custom\"><div class=\"l-section-h i-cf\"><div class=\"g-cols vc_row via_grid cols_1 laptops-cols_inherit tablets-cols_inherit mobiles-cols_1 valign_top type_default stacking_default\"><div class=\"wpb_column vc_column_container\"><div class=\"vc_column-inner\"><div class=\"w-separator size_huge\"><\/div><div class=\"wpb_text_column us_custom_de82079f\"><div class=\"wpb_wrapper\"><p style=\"text-align: center;\">Contactez le Groupe Hyperion pour une \u00e9tude confidentielle de votre dossier. Un d\u00e9tective priv\u00e9 en Essonne vous conseillera sur la strat\u00e9gie de preuve la plus adapt\u00e9e.<\/p>\n<\/div><\/div><div class=\"w-separator size_medium\"><\/div><div class=\"w-btn-wrapper align_center\"><a class=\"w-btn us-btn-style_29\" href=\"\/es\/contact\/\"><span class=\"w-btn-label\">Contactar con Hyperion<\/span><\/a><\/div><div class=\"w-separator size_huge\"><\/div><\/div><\/div><\/div><\/div><\/section><section class=\"l-section wpb_row height_custom\"><div class=\"l-section-h i-cf\"><div class=\"g-cols vc_row via_grid cols_1 laptops-cols_inherit tablets-cols_inherit mobiles-cols_1 valign_top type_default stacking_default\"><div class=\"wpb_column vc_column_container\"><div class=\"vc_column-inner\"><div class=\"w-separator size_small\"><\/div><section class=\"l-section wpb_row height_custom\"><div class=\"l-section-h i-cf\"><div class=\"g-cols vc_row via_grid cols_1 laptops-cols_inherit tablets-cols_inherit mobiles-cols_1 valign_top type_default stacking_default\"><div class=\"wpb_column vc_column_container\"><div class=\"vc_column-inner\"><div class=\"w-separator size_huge\"><\/div><h2 class=\"w-text us_custom_de82079f\"><span class=\"w-text-h\"><span class=\"w-text-value\">Detectives privados en \u00cele De France<\/span><\/span><\/h2><div class=\"w-separator size_small\"><\/div><div class=\"wpb_text_column us_custom_8ee30857\"><div class=\"wpb_wrapper\"><div class=\"departements-ile-de-france\" style=\"columns: 3; -webkit-columns: 3; -moz-columns: 3; column-gap: 40px; line-height: 1.8;\"><a href=\"https:\/\/groupehyperion.com\/es\/france\/detective-prive-en-paris-75-groupe-hyperion\/\">Detective privado en Par\u00eds (75)<\/a><br \/>\n<a href=\"https:\/\/groupehyperion.com\/es\/france\/detective-prive-seine-et-marne\/\">Investigador jurado en Seine-et-Marne (77)<\/a><br \/>\n<a href=\"https:\/\/groupehyperion.com\/es\/france\/detective-prive-yvelines\/\">Especialista en investigaci\u00f3n en Yvelines (78)<\/a><br \/>\n<a href=\"https:\/\/groupehyperion.com\/es\/france\/detective-prive-essonne\/\">Agente de investigaci\u00f3n en Essonne (91)<\/a><br \/>\n<a href=\"https:\/\/groupehyperion.com\/es\/france\/detective-prive-hauts-de-seine\/\">Detective en Hauts-de-Seine (92)<\/a><br \/>\n<a href=\"https:\/\/groupehyperion.com\/es\/france\/detective-prive-seine-saint-denis\/\">Profesionales de encuestas en Seine-Saint-Denis (93)<\/a><br \/>\n<a href=\"https:\/\/groupehyperion.com\/es\/france\/detective-prive-val-de-marne\/\">Especialista en vigilancia en Val-de-Marne (94)<\/a><br \/>\n<a href=\"https:\/\/groupehyperion.com\/es\/france\/detective-prive-val-doise\/\">Investigador privado en Val-d'Oise (95)<\/a><\/div>\n<\/div><\/div><\/div><\/div><\/div><\/div><\/section>\n<div class=\"w-separator size_huge\"><\/div><\/div><\/div><\/div><\/div><\/section>","protected":false},"author":1,"featured_media":10499,"parent":0,"menu_order":0,"template":"","meta":[],"france":[38],"class_list":["post-10510","page-ville","type-page-ville","status-publish","has-post-thumbnail","hentry","france-ile-de-france"],"yoast_head":"<!-- This site is optimized with the Yoast SEO plugin v27.5 - https:\/\/yoast.com\/product\/yoast-seo-wordpress\/ -->\n<title>D\u00e9tective priv\u00e9 en Essonne (91) \u2013 Groupe Hyperion<\/title>\n<meta name=\"description\" content=\"Besoin d\u2019un d\u00e9tective priv\u00e9 en Essonne ? Groupe Hyperion enqu\u00eate pour particuliers et entreprises. Discr\u00e9tion et preuves recevables.\" \/>\n<meta name=\"robots\" content=\"index, follow, max-snippet:-1, max-image-preview:large, max-video-preview:-1\" \/>\n<link rel=\"canonical\" href=\"https:\/\/groupehyperion.com\/es\/france\/detective-prive-essonne\/\" \/>\n<meta property=\"og:locale\" content=\"es_ES\" \/>\n<meta property=\"og:type\" content=\"article\" \/>\n<meta property=\"og:title\" content=\"D\u00e9tective priv\u00e9 en Essonne (91) \u2013 Groupe Hyperion\" \/>\n<meta property=\"og:description\" content=\"Besoin d\u2019un d\u00e9tective priv\u00e9 en Essonne ? Groupe Hyperion enqu\u00eate pour particuliers et entreprises. Discr\u00e9tion et preuves recevables.\" \/>\n<meta property=\"og:url\" content=\"https:\/\/groupehyperion.com\/es\/france\/detective-prive-essonne\/\" \/>\n<meta property=\"og:site_name\" content=\"Groupe Hyperion\" \/>\n<meta property=\"article:modified_time\" content=\"2025-12-18T08:31:23+00:00\" \/>\n<meta property=\"og:image\" content=\"https:\/\/groupehyperion.com\/wp-content\/uploads\/2025\/12\/essone-ile-de-france-detective-prive-hyperion-1024x576px.webp\" \/>\n\t<meta property=\"og:image:width\" content=\"1024\" \/>\n\t<meta property=\"og:image:height\" content=\"576\" \/>\n\t<meta property=\"og:image:type\" content=\"image\/webp\" \/>\n<meta name=\"twitter:card\" content=\"summary_large_image\" \/>\n<meta name=\"twitter:label1\" content=\"Tiempo de lectura\" \/>\n\t<meta name=\"twitter:data1\" content=\"3 minutos\" \/>\n<script type=\"application\/ld+json\" class=\"yoast-schema-graph\">{\"@context\":\"https:\\\/\\\/schema.org\",\"@graph\":[{\"@type\":\"WebPage\",\"@id\":\"https:\\\/\\\/groupehyperion.com\\\/es\\\/france\\\/detective-prive-essonne\\\/\",\"url\":\"https:\\\/\\\/groupehyperion.com\\\/es\\\/france\\\/detective-prive-essonne\\\/\",\"name\":\"D\u00e9tective priv\u00e9 en Essonne (91) \u2013 Groupe Hyperion\",\"isPartOf\":{\"@id\":\"https:\\\/\\\/groupehyperion.com\\\/es\\\/#website\"},\"primaryImageOfPage\":{\"@id\":\"https:\\\/\\\/groupehyperion.com\\\/es\\\/france\\\/detective-prive-essonne\\\/#primaryimage\"},\"image\":{\"@id\":\"https:\\\/\\\/groupehyperion.com\\\/es\\\/france\\\/detective-prive-essonne\\\/#primaryimage\"},\"thumbnailUrl\":\"https:\\\/\\\/groupehyperion.com\\\/wp-content\\\/uploads\\\/2025\\\/12\\\/essone-ile-de-france-detective-prive-hyperion-1024x576px.webp\",\"datePublished\":\"2025-12-18T08:31:12+00:00\",\"dateModified\":\"2025-12-18T08:31:23+00:00\",\"description\":\"Besoin d\u2019un d\u00e9tective priv\u00e9 en Essonne ? Groupe Hyperion enqu\u00eate pour particuliers et entreprises. Discr\u00e9tion et preuves recevables.\",\"breadcrumb\":{\"@id\":\"https:\\\/\\\/groupehyperion.com\\\/es\\\/france\\\/detective-prive-essonne\\\/#breadcrumb\"},\"inLanguage\":\"es\",\"potentialAction\":[{\"@type\":\"ReadAction\",\"target\":[\"https:\\\/\\\/groupehyperion.com\\\/es\\\/france\\\/detective-prive-essonne\\\/\"]}]},{\"@type\":\"ImageObject\",\"inLanguage\":\"es\",\"@id\":\"https:\\\/\\\/groupehyperion.com\\\/es\\\/france\\\/detective-prive-essonne\\\/#primaryimage\",\"url\":\"https:\\\/\\\/groupehyperion.com\\\/wp-content\\\/uploads\\\/2025\\\/12\\\/essone-ile-de-france-detective-prive-hyperion-1024x576px.webp\",\"contentUrl\":\"https:\\\/\\\/groupehyperion.com\\\/wp-content\\\/uploads\\\/2025\\\/12\\\/essone-ile-de-france-detective-prive-hyperion-1024x576px.webp\",\"width\":1024,\"height\":576,\"caption\":\"D\u00e9tective priv\u00e9 hyp\u00e9rion en essone, \u00eele de france\"},{\"@type\":\"BreadcrumbList\",\"@id\":\"https:\\\/\\\/groupehyperion.com\\\/es\\\/france\\\/detective-prive-essonne\\\/#breadcrumb\",\"itemListElement\":[{\"@type\":\"ListItem\",\"position\":1,\"name\":\"Accueil\",\"item\":\"https:\\\/\\\/groupehyperion.com\\\/\"},{\"@type\":\"ListItem\",\"position\":2,\"name\":\"D\u00e9tective priv\u00e9 en Essonne (91) \u2013 Groupe Hyperion\"}]},{\"@type\":\"WebSite\",\"@id\":\"https:\\\/\\\/groupehyperion.com\\\/es\\\/#website\",\"url\":\"https:\\\/\\\/groupehyperion.com\\\/es\\\/\",\"name\":\"Groupe Hyperion\",\"description\":\"D\u00e9tective Priv\u00e9 Montpellier\",\"publisher\":{\"@id\":\"https:\\\/\\\/groupehyperion.com\\\/es\\\/#organization\"},\"potentialAction\":[{\"@type\":\"SearchAction\",\"target\":{\"@type\":\"EntryPoint\",\"urlTemplate\":\"https:\\\/\\\/groupehyperion.com\\\/es\\\/?s={search_term_string}\"},\"query-input\":{\"@type\":\"PropertyValueSpecification\",\"valueRequired\":true,\"valueName\":\"search_term_string\"}}],\"inLanguage\":\"es\"},{\"@type\":\"Organization\",\"@id\":\"https:\\\/\\\/groupehyperion.com\\\/es\\\/#organization\",\"name\":\"Groupe Hyperion\",\"alternateName\":\"GROUPE HYPERION\",\"url\":\"https:\\\/\\\/groupehyperion.com\\\/es\\\/\",\"logo\":{\"@type\":\"ImageObject\",\"inLanguage\":\"es\",\"@id\":\"https:\\\/\\\/groupehyperion.com\\\/es\\\/#\\\/schema\\\/logo\\\/image\\\/\",\"url\":\"https:\\\/\\\/groupehyperion.com\\\/wp-content\\\/uploads\\\/2025\\\/01\\\/Goupe-Hyperion-detective-prive-montpellier-logo-coul-web-01.png\",\"contentUrl\":\"https:\\\/\\\/groupehyperion.com\\\/wp-content\\\/uploads\\\/2025\\\/01\\\/Goupe-Hyperion-detective-prive-montpellier-logo-coul-web-01.png\",\"width\":474,\"height\":263,\"caption\":\"Groupe Hyperion\"},\"image\":{\"@id\":\"https:\\\/\\\/groupehyperion.com\\\/es\\\/#\\\/schema\\\/logo\\\/image\\\/\"}}]}<\/script>\n<!-- \/ Yoast SEO plugin. -->","yoast_head_json":{"title":"D\u00e9tective priv\u00e9 en Essonne (91) \u2013 Groupe Hyperion","description":"Besoin d\u2019un d\u00e9tective priv\u00e9 en Essonne ? Groupe Hyperion enqu\u00eate pour particuliers et entreprises. Discr\u00e9tion et preuves recevables.","robots":{"index":"index","follow":"follow","max-snippet":"max-snippet:-1","max-image-preview":"max-image-preview:large","max-video-preview":"max-video-preview:-1"},"canonical":"https:\/\/groupehyperion.com\/es\/france\/detective-prive-essonne\/","og_locale":"es_ES","og_type":"article","og_title":"D\u00e9tective priv\u00e9 en Essonne (91) \u2013 Groupe Hyperion","og_description":"Besoin d\u2019un d\u00e9tective priv\u00e9 en Essonne ? Groupe Hyperion enqu\u00eate pour particuliers et entreprises. Discr\u00e9tion et preuves recevables.","og_url":"https:\/\/groupehyperion.com\/es\/france\/detective-prive-essonne\/","og_site_name":"Groupe Hyperion","article_modified_time":"2025-12-18T08:31:23+00:00","og_image":[{"width":1024,"height":576,"url":"https:\/\/groupehyperion.com\/wp-content\/uploads\/2025\/12\/essone-ile-de-france-detective-prive-hyperion-1024x576px.webp","type":"image\/webp"}],"twitter_card":"summary_large_image","twitter_misc":{"Tiempo de lectura":"3 minutos"},"schema":{"@context":"https:\/\/schema.org","@graph":[{"@type":"WebPage","@id":"https:\/\/groupehyperion.com\/es\/france\/detective-prive-essonne\/","url":"https:\/\/groupehyperion.com\/es\/france\/detective-prive-essonne\/","name":"D\u00e9tective priv\u00e9 en Essonne (91) \u2013 Groupe Hyperion","isPartOf":{"@id":"https:\/\/groupehyperion.com\/es\/#website"},"primaryImageOfPage":{"@id":"https:\/\/groupehyperion.com\/es\/france\/detective-prive-essonne\/#primaryimage"},"image":{"@id":"https:\/\/groupehyperion.com\/es\/france\/detective-prive-essonne\/#primaryimage"},"thumbnailUrl":"https:\/\/groupehyperion.com\/wp-content\/uploads\/2025\/12\/essone-ile-de-france-detective-prive-hyperion-1024x576px.webp","datePublished":"2025-12-18T08:31:12+00:00","dateModified":"2025-12-18T08:31:23+00:00","description":"Besoin d\u2019un d\u00e9tective priv\u00e9 en Essonne ? Groupe Hyperion enqu\u00eate pour particuliers et entreprises. Discr\u00e9tion et preuves recevables.","breadcrumb":{"@id":"https:\/\/groupehyperion.com\/es\/france\/detective-prive-essonne\/#breadcrumb"},"inLanguage":"es","potentialAction":[{"@type":"ReadAction","target":["https:\/\/groupehyperion.com\/es\/france\/detective-prive-essonne\/"]}]},{"@type":"ImageObject","inLanguage":"es","@id":"https:\/\/groupehyperion.com\/es\/france\/detective-prive-essonne\/#primaryimage","url":"https:\/\/groupehyperion.com\/wp-content\/uploads\/2025\/12\/essone-ile-de-france-detective-prive-hyperion-1024x576px.webp","contentUrl":"https:\/\/groupehyperion.com\/wp-content\/uploads\/2025\/12\/essone-ile-de-france-detective-prive-hyperion-1024x576px.webp","width":1024,"height":576,"caption":"D\u00e9tective priv\u00e9 hyp\u00e9rion en essone, \u00eele de france"},{"@type":"BreadcrumbList","@id":"https:\/\/groupehyperion.com\/es\/france\/detective-prive-essonne\/#breadcrumb","itemListElement":[{"@type":"ListItem","position":1,"name":"Accueil","item":"https:\/\/groupehyperion.com\/"},{"@type":"ListItem","position":2,"name":"D\u00e9tective priv\u00e9 en Essonne (91) \u2013 Groupe Hyperion"}]},{"@type":"WebSite","@id":"https:\/\/groupehyperion.com\/es\/#website","url":"https:\/\/groupehyperion.com\/es\/","name":"Grupo Hyperion","description":"Detective Privado Montpellier","publisher":{"@id":"https:\/\/groupehyperion.com\/es\/#organization"},"potentialAction":[{"@type":"SearchAction","target":{"@type":"EntryPoint","urlTemplate":"https:\/\/groupehyperion.com\/es\/?s={search_term_string}"},"query-input":{"@type":"PropertyValueSpecification","valueRequired":true,"valueName":"search_term_string"}}],"inLanguage":"es"},{"@type":"Organization","@id":"https:\/\/groupehyperion.com\/es\/#organization","name":"Grupo Hyperion","alternateName":"GROUPE HYPERION","url":"https:\/\/groupehyperion.com\/es\/","logo":{"@type":"ImageObject","inLanguage":"es","@id":"https:\/\/groupehyperion.com\/es\/#\/schema\/logo\/image\/","url":"https:\/\/groupehyperion.com\/wp-content\/uploads\/2025\/01\/Goupe-Hyperion-detective-prive-montpellier-logo-coul-web-01.png","contentUrl":"https:\/\/groupehyperion.com\/wp-content\/uploads\/2025\/01\/Goupe-Hyperion-detective-prive-montpellier-logo-coul-web-01.png","width":474,"height":263,"caption":"Groupe Hyperion"},"image":{"@id":"https:\/\/groupehyperion.com\/es\/#\/schema\/logo\/image\/"}}]}},"_links":{"self":[{"href":"https:\/\/groupehyperion.com\/es\/wp-json\/wp\/v2\/page-ville\/10510","targetHints":{"allow":["GET"]}}],"collection":[{"href":"https:\/\/groupehyperion.com\/es\/wp-json\/wp\/v2\/page-ville"}],"about":[{"href":"https:\/\/groupehyperion.com\/es\/wp-json\/wp\/v2\/types\/page-ville"}],"author":[{"embeddable":true,"href":"https:\/\/groupehyperion.com\/es\/wp-json\/wp\/v2\/users\/1"}],"wp:featuredmedia":[{"embeddable":true,"href":"https:\/\/groupehyperion.com\/es\/wp-json\/wp\/v2\/media\/10499"}],"wp:attachment":[{"href":"https:\/\/groupehyperion.com\/es\/wp-json\/wp\/v2\/media?parent=10510"}],"wp:term":[{"taxonomy":"france","embeddable":true,"href":"https:\/\/groupehyperion.com\/es\/wp-json\/wp\/v2\/france?post=10510"}],"curies":[{"name":"wp","href":"https:\/\/api.w.org\/{rel}","templated":true}]}}